{"id":763,"date":"2017-10-13T14:37:16","date_gmt":"2017-10-13T12:37:16","guid":{"rendered":"https:\/\/glockenverein-neuenkirchen.de\/startseite-copy-copy\/"},"modified":"2024-08-30T13:57:02","modified_gmt":"2024-08-30T11:57:02","slug":"startseite","status":"publish","type":"page","link":"https:\/\/glockenverein-neuenkirchen.de\/sv\/","title":{"rendered":"Startseite"},"content":{"rendered":"<div class=\"wpb-content-wrapper\"><p>[vc_row type=&#8221;vc_default&#8221; full_width=&#8221;stretch_row&#8221; full_height=&#8221;yes&#8221; bg_type=&#8221;image&#8221; parallax_style=&#8221;vcpb-default&#8221; bg_image_new=&#8221;id^537|url^http:\/\/https:\/\/glockenverein-neuenkirchen.de\/wp-content\/uploads\/2017\/10\/Dorfkern_Miniatur2.jpg|caption^null|alt^null|title^Dorfkern_Miniatur2|description^null&#8221; bg_image_repeat=&#8221;no-repeat&#8221; bg_img_attach=&#8221;fixed&#8221;][vc_column]<div id=\"ultimate-heading-487569ee18e08efe9\" class=\"uvc-heading ult-adjust-bottom-margin ultimate-heading-487569ee18e08efe9 uvc-3223 donthyphenate\" data-hspacer=\"line_with_icon\" data-hline_width=\"auto\" data-hicon_type=\"selector\" data-hborder_style=\"solid\" data-hborder_height=\"1\" data-hborder_color=\"#ffffff\" data-icon_width=\"35\" data-hfixer=\"10\"  data-halign=\"center\" style=\"text-align:center\"><div class=\"uvc-main-heading ult-responsive\"  data-ultimate-target='.uvc-heading.ultimate-heading-487569ee18e08efe9 h1'  data-responsive-json-new='{\"font-size\":\"desktop:50px;\",\"line-height\":\"\"}' ><h1 style=\"font-family:&#039;Faustina&#039;;font-weight:normal;font-style:normal;color:#ffffff;\">Glockenverein Neuenkirchen e.V.<\/h1><\/div><div class=\"uvc-heading-spacer line_with_icon\" style=\"margin-top:20px;margin-bottom:15px;height:35px;\"><div class=\"ult-just-icon-wrapper  \"><div class=\"align-icon\" style=\"text-align:center;\">\n<div class=\"aio-icon none \"  style=\"color:#ffffff;font-size:35px;display:inline-block;\">\n\t<i class=\"Defaults-bell-o\"><\/i>\n<\/div><\/div><\/div><\/div><div class=\"uvc-sub-heading ult-responsive\"  data-ultimate-target='.uvc-heading.ultimate-heading-487569ee18e08efe9 .uvc-sub-heading '  data-responsive-json-new='{\"font-size\":\"desktop:26px;\",\"line-height\":\"\"}'  style=\"font-family:&#039;Open Sans&#039;;font-weight:normal;color:#ffffff;margin-bottom:40px;\">Klockf\u00f6rening Neuenkirchen \u2013 Pr\u00e4stg\u00e5rdens v\u00e4nner<\/div><\/div>[\/vc_column][\/vc_row][vc_row][vc_column width=&#8221;1\/2&#8243;][vc_column_text]<\/p>\n<h3>Vad g\u00f6r en klockf\u00f6rening?<\/h3>\n<p style=\"text-align: justify;\">V\u00e5r <a href=\"https:\/\/glockenverein-neuenkirchen.de\/unterstuetzen\/verein\/\">f\u00f6rening<\/a> grundades \u00e5r 2005 f\u00f6r att hj\u00e4lpa f\u00f6rsamligen att inf\u00f6rskaffa nya <a href=\"https:\/\/glockenverein-neuenkirchen.de\/aktivitaeten\/glocken\/\">klockor<\/a>. Nu n\u00e4r detta uppdrag slutf\u00f6rts engagerar sig f\u00f6reningen i att underh\u00e5lla <a href=\"https:\/\/glockenverein-neuenkirchen.de\/kirche-und-pfarrensemble\/\">pr\u00e4stg\u00e5rden<\/a> med omliggande sidobyggnader och h\u00e5lla minnet av viktiga <a href=\"https:\/\/glockenverein-neuenkirchen.de\/kirche-und-pfarrensemble\/persoenlichkeiten\/\">personer<\/a> knutna till f\u00f6rsamlingen vid liv.<\/p>\n<p style=\"text-align: justify;\">Vi vill \u00e4ven hj\u00e4lpa till att samla in pengar f\u00f6r att kunna sanera och underh\u00e5lla f\u00f6rsamlingens byggnader.<\/p>\n<p>[\/vc_column_text]<style type=\"text\/css\" data-type=\"the7_shortcodes-inline-css\">#default-btn-27e8fa325ec647b9f8b9c03d4d8c0e09.ico-right-side > i {\n  margin-right: 0px;\n  margin-left: 8px;\n}\n#default-btn-27e8fa325ec647b9f8b9c03d4d8c0e09 > i {\n  margin-right: 8px;\n}<\/style><a href=\"\/unterstuetzen\/\" class=\"default-btn-shortcode dt-btn dt-btn-l link-hover-off btn-inline-left \" id=\"default-btn-27e8fa325ec647b9f8b9c03d4d8c0e09\"><span>Hj\u00e4lp oss g\u00e4rna!<\/span><\/a>[vc_empty_space height=&#8221;20px&#8221;][\/vc_column][vc_column width=&#8221;1\/2&#8243;][vc_single_image image=&#8221;401&#8243; img_size=&#8221;large&#8221;][\/vc_column][\/vc_row][vc_row type=&#8221;vc_default&#8221; margin_top=&#8221;30&#8243; margin_bottom=&#8221;30&#8243; seperator_enable=&#8221;seperator_enable_value&#8221; seperator_type=&#8221;triangle_svg_seperator&#8221; seperator_position=&#8221;bottom_seperator&#8221; css=&#8221;.vc_custom_1507398762925{margin-bottom: 30px !important;}&#8221;][vc_column]<style type=\"text\/css\" data-type=\"the7_shortcodes-inline-css\">.blog-carousel-shortcode.blog-carousel-shortcode-id-eee0dd65ccfdc27bc9832617caaddc8b.dividers-on.classic-layout-list article {\n  padding-top: 0;\n}\n.blog-carousel-shortcode.blog-carousel-shortcode-id-eee0dd65ccfdc27bc9832617caaddc8b.dividers-on.classic-layout-list article:first-of-type {\n  margin-top: 0;\n  padding-top: 0;\n}\n.blog-carousel-shortcode.blog-carousel-shortcode-id-eee0dd65ccfdc27bc9832617caaddc8b.classic-layout-list.mode-list .post-entry-content {\n  width: calc(100% - );\n}\n.blog-carousel-shortcode.blog-carousel-shortcode-id-eee0dd65ccfdc27bc9832617caaddc8b.classic-layout-list.mode-list .no-img .post-entry-content {\n  width: 100%;\n}\n.blog-carousel-shortcode.blog-carousel-shortcode-id-eee0dd65ccfdc27bc9832617caaddc8b .filter-bg-decoration .filter-categories a.act {\n  color: #fff;\n}\n.blog-carousel-shortcode.blog-carousel-shortcode-id-eee0dd65ccfdc27bc9832617caaddc8b:not(.mode-masonry) article:first-of-type,\n.blog-carousel-shortcode.blog-carousel-shortcode-id-eee0dd65ccfdc27bc9832617caaddc8b:not(.mode-masonry) article.visible.first:not(.product) {\n  margin-top: 0;\n}\n.blog-carousel-shortcode.blog-carousel-shortcode-id-eee0dd65ccfdc27bc9832617caaddc8b.dividers-on:not(.mode-masonry) article {\n  margin-top: 0;\n}\n.blog-carousel-shortcode.blog-carousel-shortcode-id-eee0dd65ccfdc27bc9832617caaddc8b.dividers-on:not(.mode-masonry) article:first-of-type,\n.blog-carousel-shortcode.blog-carousel-shortcode-id-eee0dd65ccfdc27bc9832617caaddc8b.dividers-on:not(.mode-masonry) article.visible.first:not(.product) {\n  margin-top: 0;\n  padding-top: 0;\n}\n.blog-carousel-shortcode.blog-carousel-shortcode-id-eee0dd65ccfdc27bc9832617caaddc8b .post-thumbnail-wrap {\n  padding: 0px 0px 0px 0px;\n}\n.blog-carousel-shortcode.blog-carousel-shortcode-id-eee0dd65ccfdc27bc9832617caaddc8b.enable-bg-rollover .post-thumbnail-rollover:after {\n  background: -webkit-linear-gradient();\n  background: linear-gradient();\n}\n.blog-carousel-shortcode.blog-carousel-shortcode-id-eee0dd65ccfdc27bc9832617caaddc8b .gallery-zoom-ico {\n  width: 44px;\n  height: 44px;\n  line-height: 44px;\n  border-radius: 100px;\n  margin: -22px 0 0 -22px;\n  border-width: 0px;\n  color: #ffffff;\n  background: none;\n}\n.bottom-overlap-layout-list.blog-carousel-shortcode.blog-carousel-shortcode-id-eee0dd65ccfdc27bc9832617caaddc8b .gallery-zoom-ico {\n  margin-top: -72px;\n}\n.gradient-overlay-layout-list.blog-carousel-shortcode.blog-carousel-shortcode-id-eee0dd65ccfdc27bc9832617caaddc8b .gallery-zoom-ico,\n.content-rollover-layout-list.blog-carousel-shortcode.blog-carousel-shortcode-id-eee0dd65ccfdc27bc9832617caaddc8b .gallery-zoom-ico {\n  margin: 0 0 10px;\n}\n.content-align-center.gradient-overlay-layout-list.blog-carousel-shortcode.blog-carousel-shortcode-id-eee0dd65ccfdc27bc9832617caaddc8b .gallery-zoom-ico,\n.content-align-center.content-rollover-layout-list.blog-carousel-shortcode.blog-carousel-shortcode-id-eee0dd65ccfdc27bc9832617caaddc8b .gallery-zoom-ico {\n  margin: 0 auto 10px;\n}\n.dt-icon-bg-on.blog-carousel-shortcode.blog-carousel-shortcode-id-eee0dd65ccfdc27bc9832617caaddc8b .gallery-zoom-ico {\n  background: rgba(255,255,255,0.3);\n  box-shadow: none;\n}\n.blog-carousel-shortcode.blog-carousel-shortcode-id-eee0dd65ccfdc27bc9832617caaddc8b .gallery-zoom-ico > span,\n.blog-carousel-shortcode.blog-carousel-shortcode-id-eee0dd65ccfdc27bc9832617caaddc8b .gallery-zoom-ico:before {\n  font-size: 32px;\n  line-height: 44px;\n}\n.blog-carousel-shortcode.blog-carousel-shortcode-id-eee0dd65ccfdc27bc9832617caaddc8b .gallery-zoom-ico > span,\n.blog-carousel-shortcode.blog-carousel-shortcode-id-eee0dd65ccfdc27bc9832617caaddc8b .gallery-zoom-ico:before {\n  color: #ffffff;\n  background: none;\n}\n.blog-carousel-shortcode.blog-carousel-shortcode-id-eee0dd65ccfdc27bc9832617caaddc8b .entry-title,\n.blog-carousel-shortcode.blog-carousel-shortcode-id-eee0dd65ccfdc27bc9832617caaddc8b.owl-carousel .entry-title {\n  margin-bottom: 5px;\n  font-weight: bold;\n}\n.blog-carousel-shortcode.blog-carousel-shortcode-id-eee0dd65ccfdc27bc9832617caaddc8b .entry-meta {\n  margin-bottom: 15px;\n}\n.blog-carousel-shortcode.blog-carousel-shortcode-id-eee0dd65ccfdc27bc9832617caaddc8b .portfolio-categories {\n  margin-bottom: 15px;\n}\n.blog-carousel-shortcode.blog-carousel-shortcode-id-eee0dd65ccfdc27bc9832617caaddc8b .entry-excerpt {\n  margin-bottom: 5px;\n}\n.blog-carousel-shortcode.blog-carousel-shortcode-id-eee0dd65ccfdc27bc9832617caaddc8b:not(.centered-layout-list) .post-entry-content {\n  padding: 15px 10px 10px 10px;\n}\n.blog-carousel-shortcode.blog-carousel-shortcode-id-eee0dd65ccfdc27bc9832617caaddc8b:not(.centered-layout-list):not(.content-bg-on):not(.mode-list) .no-img .post-entry-content {\n  padding: 0;\n}\n@media screen and (max-width: ) {\n  .blog-carousel-shortcode.blog-carousel-shortcode-id-eee0dd65ccfdc27bc9832617caaddc8b article {\n    -ms-flex-flow: column nowrap;\n    flex-flow: column nowrap;\n    margin-top: 20px;\n  }\n  .blog-carousel-shortcode.blog-carousel-shortcode-id-eee0dd65ccfdc27bc9832617caaddc8b.dividers-on article {\n    border: none;\n  }\n  .blog-carousel-shortcode.blog-carousel-shortcode-id-eee0dd65ccfdc27bc9832617caaddc8b.content-bg-on.centered-layout-list article {\n    padding: 0;\n  }\n  .blog-carousel-shortcode.blog-carousel-shortcode-id-eee0dd65ccfdc27bc9832617caaddc8b.blog-shortcode.dividers-on article,\n  .blog-carousel-shortcode.blog-carousel-shortcode-id-eee0dd65ccfdc27bc9832617caaddc8b.dividers-on.classic-layout-list article {\n    margin-top: 20px;\n    padding: 0;\n  }\n  .blog-carousel-shortcode.blog-carousel-shortcode-id-eee0dd65ccfdc27bc9832617caaddc8b.blog-shortcode.dividers-on article:first-of-type,\n  .blog-carousel-shortcode.blog-carousel-shortcode-id-eee0dd65ccfdc27bc9832617caaddc8b.dividers-on.classic-layout-list article:first-of-type {\n    padding: 0;\n  }\n  #page .blog-carousel-shortcode.blog-carousel-shortcode-id-eee0dd65ccfdc27bc9832617caaddc8b .post-thumbnail-wrap,\n  #page .blog-carousel-shortcode.blog-carousel-shortcode-id-eee0dd65ccfdc27bc9832617caaddc8b .post-entry-content {\n    width: 100%;\n    margin: 0;\n    top: 0;\n  }\n  #page .blog-carousel-shortcode.blog-carousel-shortcode-id-eee0dd65ccfdc27bc9832617caaddc8b .post-thumbnail-wrap {\n    padding: 0;\n  }\n  #page .blog-carousel-shortcode.blog-carousel-shortcode-id-eee0dd65ccfdc27bc9832617caaddc8b .post-entry-content:after {\n    display: none;\n  }\n  #page .blog-carousel-shortcode.blog-carousel-shortcode-id-eee0dd65ccfdc27bc9832617caaddc8b .project-even .post-thumbnail-wrap,\n  #page .blog-carousel-shortcode.blog-carousel-shortcode-id-eee0dd65ccfdc27bc9832617caaddc8b.centered-layout-list .post-thumbnail-wrap {\n    -ms-flex-order: 0;\n    order: 0;\n  }\n  #page .blog-carousel-shortcode.blog-carousel-shortcode-id-eee0dd65ccfdc27bc9832617caaddc8b.centered-layout-list .post-entry-title-content {\n    -ms-flex-order: 1;\n    order: 1;\n    width: 100%;\n    padding: 20px 20px 0;\n  }\n  #page .blog-carousel-shortcode.blog-carousel-shortcode-id-eee0dd65ccfdc27bc9832617caaddc8b.centered-layout-list .post-entry-content {\n    -ms-flex-order: 2;\n    order: 2;\n    padding-top: 0;\n  }\n  #page .blog-carousel-shortcode.blog-carousel-shortcode-id-eee0dd65ccfdc27bc9832617caaddc8b .fancy-categories {\n    top: 10px;\n    left: 10px;\n    bottom: auto;\n    right: auto;\n  }\n  #page .blog-carousel-shortcode.blog-carousel-shortcode-id-eee0dd65ccfdc27bc9832617caaddc8b .fancy-date a {\n    top: 10px;\n    right: 10px;\n    left: auto;\n    bottom: auto;\n  }\n  #page .blog-carousel-shortcode.blog-carousel-shortcode-id-eee0dd65ccfdc27bc9832617caaddc8b .post-entry-content {\n    padding: 20px;\n  }\n  #page .blog-carousel-shortcode.blog-carousel-shortcode-id-eee0dd65ccfdc27bc9832617caaddc8b .entry-title {\n    margin: 3px 0 5px;\n    font-size: 20px;\n    line-height: 26px;\n  }\n  #page .blog-carousel-shortcode.blog-carousel-shortcode-id-eee0dd65ccfdc27bc9832617caaddc8b .entry-meta {\n    margin: 5px 0 5px;\n  }\n  #page .blog-carousel-shortcode.blog-carousel-shortcode-id-eee0dd65ccfdc27bc9832617caaddc8b .entry-excerpt {\n    margin: 15px 0 0;\n  }\n  #page .blog-carousel-shortcode.blog-carousel-shortcode-id-eee0dd65ccfdc27bc9832617caaddc8b .post-details {\n    margin: 5px 0 10px;\n  }\n  #page .blog-carousel-shortcode.blog-carousel-shortcode-id-eee0dd65ccfdc27bc9832617caaddc8b .post-details.details-type-link {\n    margin-bottom: 2px;\n  }\n}\n.blog-carousel-shortcode.blog-carousel-shortcode-id-eee0dd65ccfdc27bc9832617caaddc8b.owl-carousel .owl-nav div {\n  width: 36px;\n  height: 36px;\n  border-radius: 500px;\n}\n.dt-arrow-border-on.blog-carousel-shortcode.blog-carousel-shortcode-id-eee0dd65ccfdc27bc9832617caaddc8b.owl-carousel .owl-nav div:not(:hover):before {\n  border-width: 0px;\n}\n.dt-arrow-hover-border-on.blog-carousel-shortcode.blog-carousel-shortcode-id-eee0dd65ccfdc27bc9832617caaddc8b.owl-carousel .owl-nav div:hover:after {\n  border-width: 0px;\n}\n.blog-carousel-shortcode.blog-carousel-shortcode-id-eee0dd65ccfdc27bc9832617caaddc8b.owl-carousel .owl-nav div.owl-prev {\n  top: 50%;\n  transform: translateY(calc(-50% + 0px));\n  left: -43px;\n}\n@media all and (-ms-high-contrast: none) {\n  .blog-carousel-shortcode.blog-carousel-shortcode-id-eee0dd65ccfdc27bc9832617caaddc8b.owl-carousel .owl-nav div.owl-prev {\n    transform: translateY(-50%);\n    margin-top: 0px;\n  }\n}\n.blog-carousel-shortcode.blog-carousel-shortcode-id-eee0dd65ccfdc27bc9832617caaddc8b.owl-carousel .owl-nav div.owl-prev i {\n  padding: 0px 0px 0px 0px;\n}\n.blog-carousel-shortcode.blog-carousel-shortcode-id-eee0dd65ccfdc27bc9832617caaddc8b.owl-carousel .owl-nav div.owl-next {\n  top: 50%;\n  transform: translateY(calc(-50% + 0px));\n  right: -43px;\n}\n@media all and (-ms-high-contrast: none) {\n  .blog-carousel-shortcode.blog-carousel-shortcode-id-eee0dd65ccfdc27bc9832617caaddc8b.owl-carousel .owl-nav div.owl-next {\n    transform: translateY(-50%);\n    margin-top: 0px;\n  }\n}\n.blog-carousel-shortcode.blog-carousel-shortcode-id-eee0dd65ccfdc27bc9832617caaddc8b.owl-carousel .owl-nav div.owl-next i {\n  padding: 0px 0px 0px 0px;\n}\n.blog-carousel-shortcode.blog-carousel-shortcode-id-eee0dd65ccfdc27bc9832617caaddc8b.owl-carousel .owl-nav i {\n  font-size: 18px;\n}\n.blog-carousel-shortcode.blog-carousel-shortcode-id-eee0dd65ccfdc27bc9832617caaddc8b.owl-carousel .owl-nav div:not(:hover) i,\n.blog-carousel-shortcode.blog-carousel-shortcode-id-eee0dd65ccfdc27bc9832617caaddc8b.owl-carousel .owl-nav div:not(:hover) i:before {\n  color: #ffffff;\n  background: none;\n}\n.blog-carousel-shortcode.blog-carousel-shortcode-id-eee0dd65ccfdc27bc9832617caaddc8b.owl-carousel .owl-nav div:hover i,\n.blog-carousel-shortcode.blog-carousel-shortcode-id-eee0dd65ccfdc27bc9832617caaddc8b.owl-carousel .owl-nav div:hover i:before {\n  color: rgba(255,255,255,0.75);\n  background: none;\n}\n.blog-carousel-shortcode.blog-carousel-shortcode-id-eee0dd65ccfdc27bc9832617caaddc8b .owl-dots {\n  top: calc(100% + 20px);\n  left: 50%;\n  transform: translateX(calc(-50% + 0px));\n}\n@media all and (-ms-high-contrast: none) {\n  .blog-carousel-shortcode.blog-carousel-shortcode-id-eee0dd65ccfdc27bc9832617caaddc8b .owl-dots {\n    transform: translateX(-50%);\n    margin-left: 0px;\n  }\n}\n.blog-carousel-shortcode.blog-carousel-shortcode-id-eee0dd65ccfdc27bc9832617caaddc8b .owl-dot {\n  width: 10px;\n  height: 10px;\n  margin: 0 8px;\n}\n@media screen and (max-width: 778px) {\n  .blog-carousel-shortcode.blog-carousel-shortcode-id-eee0dd65ccfdc27bc9832617caaddc8b.hide-arrows .owl-nav a {\n    display: none;\n  }\n}\n@media screen and (max-width: 778px) {\n  .blog-carousel-shortcode.blog-carousel-shortcode-id-eee0dd65ccfdc27bc9832617caaddc8b.reposition-arrows .owl-nav .owl-prev {\n    top: 50%;\n    transform: translateY(calc(-50% + 0px));\n    left: 10px;\n  }\n  .blog-carousel-shortcode.blog-carousel-shortcode-id-eee0dd65ccfdc27bc9832617caaddc8b.reposition-arrows .owl-nav .owl-next {\n    top: 50%;\n    transform: translateY(calc(-50% + 0px));\n    right: 10px;\n  }\n}\n@media screen and (max-width: 778px) and all and (-ms-high-contrast: none) {\n  .blog-carousel-shortcode.blog-carousel-shortcode-id-eee0dd65ccfdc27bc9832617caaddc8b.reposition-arrows .owl-nav .owl-prev {\n    transform: translateY(-50%);\n    margin-top: 0px;\n  }\n}\n@media screen and (max-width: 778px) and all and (-ms-high-contrast: none) {\n  .blog-carousel-shortcode.blog-carousel-shortcode-id-eee0dd65ccfdc27bc9832617caaddc8b.reposition-arrows .owl-nav .owl-next {\n    transform: translateY(-50%);\n    margin-top: 0px;\n  }\n}<\/style><div class=\"owl-carousel blog-carousel-shortcode dt-owl-carousel-call blog-carousel-shortcode-id-eee0dd65ccfdc27bc9832617caaddc8b classic-layout-list content-bg-on dt-icon-bg-off dt-arrow-border-on dt-arrow-hover-border-on meta-info-off bullets-small-dot-stroke reposition-arrows arrows-bg-on disable-arrows-hover-bg arrows-hover-bg-on  \" data-scroll-mode=\"1\" data-col-num=\"3\" data-wide-col-num=\"3\" data-laptop-col=\"3\" data-h-tablet-columns-num=\"3\" data-v-tablet-columns-num=\"2\" data-phone-columns-num=\"1\" data-auto-height=\"true\" data-col-gap=\"30\" data-stage-padding=\"0\" data-speed=\"600\" data-autoplay=\"false\" data-autoplay_speed=\"6000\" data-arrows=\"true\" data-bullet=\"false\" data-next-icon=\"icon-ar-017-r\" data-prev-icon=\"icon-ar-017-l\"><article class=\"post post-2452 type-post status-publish format-standard has-post-thumbnail hentry category-pfarrhaus category-veranstaltungen tag-offenes-denkmal category-15 category-7\" data-name=\"Tag des offenen Denkmals am 14. September 2025\" data-date=\"2025-08-21T18:42:55+00:00\">\n\n<div class=\"post-thumbnail-wrap\">\n\t<div class=\"post-thumbnail\">\n\t\t\n\t\t\n\t\t<a href=\"https:\/\/glockenverein-neuenkirchen.de\/sv\/tag-des-offenen-denkmals-am-14-september-2025\/\" class=\"post-thumbnail-rollover layzr-bg\" ><img fetchpriority=\"high\" decoding=\"async\" class=\"preload-me owl-lazy-load aspect\" src=\"data:image\/svg+xml,%3Csvg%20xmlns%3D&#39;http%3A%2F%2Fwww.w3.org%2F2000%2Fsvg&#39;%20viewBox%3D&#39;0%200%20768%20432&#39;%2F%3E\" data-src=\"https:\/\/glockenverein-neuenkirchen.de\/wp-content\/uploads\/2025\/08\/tdod-2025-768x432.jpg\" data-srcset=\"https:\/\/glockenverein-neuenkirchen.de\/wp-content\/uploads\/2025\/08\/tdod-2025-768x432.jpg 768w, https:\/\/glockenverein-neuenkirchen.de\/wp-content\/uploads\/2025\/08\/tdod-2025-1066x600.jpg 1066w\" loading=\"eager\" style=\"--ratio: 768 \/ 432\" sizes=\"(max-width: 768px) 100vw, 768px\" alt=\"\" title=\"TdoD_2025\" width=\"768\" height=\"432\"  \/><\/a>\t<\/div>\n<\/div>\n\n\n<div class=\"post-entry-content\">\n\n\t<h3 class=\"entry-title\">\n\t\t<a href=\"https:\/\/glockenverein-neuenkirchen.de\/sv\/tag-des-offenen-denkmals-am-14-september-2025\/\" title=\"Tag des offenen Denkmals am 14. September 2025\" rel=\"bookmark\">Tag des offenen Denkmals am 14. September 2025<\/a>\n\t<\/h3>\n\n\t\n\t<div class=\"entry-excerpt\"><p>Wertvoll \u2013 unbezahlbar oder unersetzlich? So lautet das diesj\u00e4hrige Motto des bundesweiten Tags des offenen Denkmals. Kaum ein Zitat k\u00f6nnte&hellip;<\/p>\n<\/div>\n\t\n<a href=\"https:\/\/glockenverein-neuenkirchen.de\/sv\/tag-des-offenen-denkmals-am-14-september-2025\/\" class=\"dt-btn-s dt-btn post-details details-type-btn\" aria-label=\"Knappen \u201dLadda mer\u201d Tag des offenen Denkmals am 14. September 2025\">mer<i class=\"dt-icon-the7-arrow-03\" aria-hidden=\"true\"><\/i><\/a>\n\n<\/div><\/article><article class=\"post post-2443 type-post status-publish format-standard has-post-thumbnail hentry category-pfarrhaus category-unterstuetzung tag-offenes-denkmal category-15 category-14\" data-name=\"Altes Pfarrhaus Neuenkirchen erhielt Notdach\" data-date=\"2025-08-18T18:16:04+00:00\">\n\n<div class=\"post-thumbnail-wrap\">\n\t<div class=\"post-thumbnail\">\n\t\t\n\t\t\n\t\t<a href=\"https:\/\/glockenverein-neuenkirchen.de\/sv\/altes-pfarrhaus-neuenkirchen-erhielt-notdach\/\" class=\"post-thumbnail-rollover layzr-bg\" ><img decoding=\"async\" class=\"preload-me owl-lazy-load aspect\" src=\"data:image\/svg+xml,%3Csvg%20xmlns%3D&#39;http%3A%2F%2Fwww.w3.org%2F2000%2Fsvg&#39;%20viewBox%3D&#39;0%200%20768%20432&#39;%2F%3E\" data-src=\"https:\/\/glockenverein-neuenkirchen.de\/wp-content\/uploads\/2025\/08\/notdach-august-2025-2-768x432.jpg\" data-srcset=\"https:\/\/glockenverein-neuenkirchen.de\/wp-content\/uploads\/2025\/08\/notdach-august-2025-2-768x432.jpg 768w, https:\/\/glockenverein-neuenkirchen.de\/wp-content\/uploads\/2025\/08\/notdach-august-2025-2-1152x648.jpg 1152w\" loading=\"eager\" style=\"--ratio: 768 \/ 432\" sizes=\"(max-width: 768px) 100vw, 768px\" alt=\"\" title=\"Notdach_August_2025-2\" width=\"768\" height=\"432\"  \/><\/a>\t<\/div>\n<\/div>\n\n\n<div class=\"post-entry-content\">\n\n\t<h3 class=\"entry-title\">\n\t\t<a href=\"https:\/\/glockenverein-neuenkirchen.de\/sv\/altes-pfarrhaus-neuenkirchen-erhielt-notdach\/\" title=\"Altes Pfarrhaus Neuenkirchen erhielt Notdach\" rel=\"bookmark\">Altes Pfarrhaus Neuenkirchen erhielt Notdach<\/a>\n\t<\/h3>\n\n\t\n\t<div class=\"entry-excerpt\"><p>Ende Juli\/Anfang August konnte die dringend notwendige Notdachsanierung unseres alten Pfarrhauses im historischen Neuenkirchener Ortskern durch die Rohrdachdeckerei Carls durchgef\u00fchrt&hellip;<\/p>\n<\/div>\n\t\n<a href=\"https:\/\/glockenverein-neuenkirchen.de\/sv\/altes-pfarrhaus-neuenkirchen-erhielt-notdach\/\" class=\"dt-btn-s dt-btn post-details details-type-btn\" aria-label=\"Knappen \u201dLadda mer\u201d Altes Pfarrhaus Neuenkirchen erhielt Notdach\">mer<i class=\"dt-icon-the7-arrow-03\" aria-hidden=\"true\"><\/i><\/a>\n\n<\/div><\/article><article class=\"post post-2427 type-post status-publish format-standard has-post-thumbnail hentry category-veranstaltungen category-verein category-7 category-16\" data-name=\"Jahreshauptversammlung am 14.&nbsp;Juli 2025\" data-date=\"2025-06-11T07:00:48+00:00\">\n\n<div class=\"post-thumbnail-wrap\">\n\t<div class=\"post-thumbnail\">\n\t\t\n\t\t\n\t\t<a href=\"https:\/\/glockenverein-neuenkirchen.de\/sv\/jahreshauptversammlung-am-14-juli-2025\/\" class=\"post-thumbnail-rollover layzr-bg\" ><img decoding=\"async\" class=\"preload-me owl-lazy-load aspect\" src=\"data:image\/svg+xml,%3Csvg%20xmlns%3D&#39;http%3A%2F%2Fwww.w3.org%2F2000%2Fsvg&#39;%20viewBox%3D&#39;0%200%20768%20432&#39;%2F%3E\" data-src=\"https:\/\/glockenverein-neuenkirchen.de\/wp-content\/uploads\/2018\/05\/Glockenverein-768x432.jpg\" data-srcset=\"https:\/\/glockenverein-neuenkirchen.de\/wp-content\/uploads\/2018\/05\/Glockenverein-768x432.jpg 768w, https:\/\/glockenverein-neuenkirchen.de\/wp-content\/uploads\/2018\/05\/Glockenverein-1152x648.jpg 1152w\" loading=\"eager\" style=\"--ratio: 768 \/ 432\" sizes=\"(max-width: 768px) 100vw, 768px\" alt=\"\" title=\"Glockenverein\" width=\"768\" height=\"432\"  \/><\/a>\t<\/div>\n<\/div>\n\n\n<div class=\"post-entry-content\">\n\n\t<h3 class=\"entry-title\">\n\t\t<a href=\"https:\/\/glockenverein-neuenkirchen.de\/sv\/jahreshauptversammlung-am-14-juli-2025\/\" title=\"Jahreshauptversammlung am 14.&nbsp;Juli 2025\" rel=\"bookmark\">Jahreshauptversammlung am 14.&nbsp;Juli 2025<\/a>\n\t<\/h3>\n\n\t\n\t<div class=\"entry-excerpt\"><p>Der Vorstand des Glockenvereins Neuenkirchen e.V. l\u00e4dt herzlich zur Jahreshauptversammlung,\u00a0am Montag, dem 28. Mai 2018 um 19:00 Uhr, im Pfarrhaus,&hellip;<\/p>\n<\/div>\n\t\n<a href=\"https:\/\/glockenverein-neuenkirchen.de\/sv\/jahreshauptversammlung-am-14-juli-2025\/\" class=\"dt-btn-s dt-btn post-details details-type-btn\" aria-label=\"Knappen \u201dLadda mer\u201d Jahreshauptversammlung am 14.&nbsp;Juli 2025\">mer<i class=\"dt-icon-the7-arrow-03\" aria-hidden=\"true\"><\/i><\/a>\n\n<\/div><\/article><article class=\"post post-2417 type-post status-publish format-standard has-post-thumbnail hentry category-pfarrhaus category-unterstuetzung tag-offenes-denkmal category-15 category-14\" data-name=\"Rettet das alte Pfarrhausdach \u2013 ein Spendenaufruf\" data-date=\"2025-05-09T06:41:02+00:00\">\n\n<div class=\"post-thumbnail-wrap\">\n\t<div class=\"post-thumbnail\">\n\t\t\n\t\t\n\t\t<a href=\"https:\/\/glockenverein-neuenkirchen.de\/sv\/rettet-das-alte-pfarrhausdach-ein-spendenaufruf\/\" class=\"post-thumbnail-rollover layzr-bg\" ><img decoding=\"async\" class=\"preload-me owl-lazy-load aspect\" src=\"data:image\/svg+xml,%3Csvg%20xmlns%3D&#39;http%3A%2F%2Fwww.w3.org%2F2000%2Fsvg&#39;%20viewBox%3D&#39;0%200%20768%20432&#39;%2F%3E\" data-src=\"https:\/\/glockenverein-neuenkirchen.de\/wp-content\/uploads\/2025\/05\/dach-pfarrhaus-2024-768x432.jpg\" data-srcset=\"https:\/\/glockenverein-neuenkirchen.de\/wp-content\/uploads\/2025\/05\/dach-pfarrhaus-2024-768x432.jpg 768w, https:\/\/glockenverein-neuenkirchen.de\/wp-content\/uploads\/2025\/05\/dach-pfarrhaus-2024-1152x648.jpg 1152w\" loading=\"eager\" style=\"--ratio: 768 \/ 432\" sizes=\"(max-width: 768px) 100vw, 768px\" alt=\"\" title=\"Dach Pfarrhaus 2024\" width=\"768\" height=\"432\"  \/><\/a>\t<\/div>\n<\/div>\n\n\n<div class=\"post-entry-content\">\n\n\t<h3 class=\"entry-title\">\n\t\t<a href=\"https:\/\/glockenverein-neuenkirchen.de\/sv\/rettet-das-alte-pfarrhausdach-ein-spendenaufruf\/\" title=\"Rettet das alte Pfarrhausdach \u2013 ein Spendenaufruf\" rel=\"bookmark\">Rettet das alte Pfarrhausdach \u2013 ein Spendenaufruf<\/a>\n\t<\/h3>\n\n\t\n\t<div class=\"entry-excerpt\"><p>Es ist nicht zu \u00fcbersehen: Das Rohrdach unseres \u00fcber 230 Jahre alten Pfarrhauses in Neuenkirchen ist in einem desolaten Zustand.<\/p>\n<\/div>\n\t\n<a href=\"https:\/\/glockenverein-neuenkirchen.de\/sv\/rettet-das-alte-pfarrhausdach-ein-spendenaufruf\/\" class=\"dt-btn-s dt-btn post-details details-type-btn\" aria-label=\"Knappen \u201dLadda mer\u201d Rettet das alte Pfarrhausdach \u2013 ein Spendenaufruf\">mer<i class=\"dt-icon-the7-arrow-03\" aria-hidden=\"true\"><\/i><\/a>\n\n<\/div><\/article><article class=\"post post-2399 type-post status-publish format-standard has-post-thumbnail hentry category-pfarrhaus category-unterstuetzung category-veranstaltungen tag-offenes-denkmal category-15 category-14 category-7\" data-name=\"Benefizkonzert am 26.04.2025 in der Kirche\" data-date=\"2025-04-12T18:00:17+00:00\">\n\n<div class=\"post-thumbnail-wrap\">\n\t<div class=\"post-thumbnail\">\n\t\t\n\t\t\n\t\t<a href=\"https:\/\/glockenverein-neuenkirchen.de\/sv\/benefizkonzert-am-26-04-2025-in-der-kirche\/\" class=\"post-thumbnail-rollover layzr-bg\" ><img decoding=\"async\" class=\"preload-me owl-lazy-load aspect\" src=\"data:image\/svg+xml,%3Csvg%20xmlns%3D&#39;http%3A%2F%2Fwww.w3.org%2F2000%2Fsvg&#39;%20viewBox%3D&#39;0%200%20768%20432&#39;%2F%3E\" data-src=\"https:\/\/glockenverein-neuenkirchen.de\/wp-content\/uploads\/2025\/04\/violine-768x432.jpg\" data-srcset=\"https:\/\/glockenverein-neuenkirchen.de\/wp-content\/uploads\/2025\/04\/violine-768x432.jpg 768w, https:\/\/glockenverein-neuenkirchen.de\/wp-content\/uploads\/2025\/04\/violine-1152x648.jpg 1152w\" loading=\"eager\" style=\"--ratio: 768 \/ 432\" sizes=\"(max-width: 768px) 100vw, 768px\" alt=\"\" title=\"Violine\" width=\"768\" height=\"432\"  \/><\/a>\t<\/div>\n<\/div>\n\n\n<div class=\"post-entry-content\">\n\n\t<h3 class=\"entry-title\">\n\t\t<a href=\"https:\/\/glockenverein-neuenkirchen.de\/sv\/benefizkonzert-am-26-04-2025-in-der-kirche\/\" title=\"Benefizkonzert am 26.04.2025 in der Kirche\" rel=\"bookmark\">Benefizkonzert am 26.04.2025 in der Kirche<\/a>\n\t<\/h3>\n\n\t\n\t<div class=\"entry-excerpt\"><p>Am Samstag, den 26. April 2025, k\u00f6nnen Sie ab 19 Uhr ein besonderes Konzert in der Kirche Neuenkirchen erleben.<\/p>\n<\/div>\n\t\n<a href=\"https:\/\/glockenverein-neuenkirchen.de\/sv\/benefizkonzert-am-26-04-2025-in-der-kirche\/\" class=\"dt-btn-s dt-btn post-details details-type-btn\" aria-label=\"Knappen \u201dLadda mer\u201d Benefizkonzert am 26.04.2025 in der Kirche\">mer<i class=\"dt-icon-the7-arrow-03\" aria-hidden=\"true\"><\/i><\/a>\n\n<\/div><\/article><article class=\"post post-2397 type-post status-publish format-standard has-post-thumbnail hentry category-pfarrhaus category-veranstaltungen tag-offenes-denkmal category-15 category-7\" data-name=\"Malwettbewerb und Siebdruck zum Mitmachen am 26. April 2025\" data-date=\"2025-04-10T07:00:30+00:00\">\n\n<div class=\"post-thumbnail-wrap\">\n\t<div class=\"post-thumbnail\">\n\t\t\n\t\t\n\t\t<a href=\"https:\/\/glockenverein-neuenkirchen.de\/sv\/malwettbewerb-und-siebdruck-zum-mitmachen\/\" class=\"post-thumbnail-rollover layzr-bg\" ><img decoding=\"async\" class=\"preload-me owl-lazy-load aspect\" src=\"data:image\/svg+xml,%3Csvg%20xmlns%3D&#39;http%3A%2F%2Fwww.w3.org%2F2000%2Fsvg&#39;%20viewBox%3D&#39;0%200%20768%20432&#39;%2F%3E\" data-src=\"https:\/\/glockenverein-neuenkirchen.de\/wp-content\/uploads\/2025\/04\/malwettbewerb-768x432.jpg\" data-srcset=\"https:\/\/glockenverein-neuenkirchen.de\/wp-content\/uploads\/2025\/04\/malwettbewerb-768x432.jpg 768w, https:\/\/glockenverein-neuenkirchen.de\/wp-content\/uploads\/2025\/04\/malwettbewerb-1152x648.jpg 1152w\" loading=\"eager\" style=\"--ratio: 768 \/ 432\" sizes=\"(max-width: 768px) 100vw, 768px\" alt=\"\" title=\"Malwettbewerb\" width=\"768\" height=\"432\"  \/><\/a>\t<\/div>\n<\/div>\n\n\n<div class=\"post-entry-content\">\n\n\t<h3 class=\"entry-title\">\n\t\t<a href=\"https:\/\/glockenverein-neuenkirchen.de\/sv\/malwettbewerb-und-siebdruck-zum-mitmachen\/\" title=\"Malwettbewerb und Siebdruck zum Mitmachen am 26. April 2025\" rel=\"bookmark\">Malwettbewerb und Siebdruck zum Mitmachen am 26. April 2025<\/a>\n\t<\/h3>\n\n\t\n\t<div class=\"entry-excerpt\"><p>Zum Jubil\u00e4um des Glockenvereins wird ein Malwettbewerb ausgeschrieben. Au\u00dferdem haben Sie die Gelegenheit, Siebdruck auszuprobieren.<\/p>\n<\/div>\n\t\n<a href=\"https:\/\/glockenverein-neuenkirchen.de\/sv\/malwettbewerb-und-siebdruck-zum-mitmachen\/\" class=\"dt-btn-s dt-btn post-details details-type-btn\" aria-label=\"Knappen \u201dLadda mer\u201d Malwettbewerb und Siebdruck zum Mitmachen am 26. April 2025\">mer<i class=\"dt-icon-the7-arrow-03\" aria-hidden=\"true\"><\/i><\/a>\n\n<\/div><\/article><article class=\"post post-2387 type-post status-publish format-standard has-post-thumbnail hentry category-pfarrhaus category-veranstaltungen tag-offenes-denkmal category-15 category-7\" data-name=\"20. Jubil\u00e4um des Glockenvereins am 26. und 27. April 2025\" data-date=\"2025-04-08T18:44:36+00:00\">\n\n<div class=\"post-thumbnail-wrap\">\n\t<div class=\"post-thumbnail\">\n\t\t\n\t\t\n\t\t<a href=\"https:\/\/glockenverein-neuenkirchen.de\/sv\/20-jubilaeum-des-glockenvereins-am-26-und-27-april-2025\/\" class=\"post-thumbnail-rollover layzr-bg\" ><img decoding=\"async\" class=\"preload-me owl-lazy-load aspect\" src=\"data:image\/svg+xml,%3Csvg%20xmlns%3D&#39;http%3A%2F%2Fwww.w3.org%2F2000%2Fsvg&#39;%20viewBox%3D&#39;0%200%20768%20432&#39;%2F%3E\" data-src=\"https:\/\/glockenverein-neuenkirchen.de\/wp-content\/uploads\/2015\/10\/Altes_Pfarrhaus_Rueckseite_2018-768x432.jpg\" data-srcset=\"https:\/\/glockenverein-neuenkirchen.de\/wp-content\/uploads\/2015\/10\/Altes_Pfarrhaus_Rueckseite_2018-768x432.jpg 768w, https:\/\/glockenverein-neuenkirchen.de\/wp-content\/uploads\/2015\/10\/Altes_Pfarrhaus_Rueckseite_2018-1152x648.jpg 1152w\" loading=\"eager\" style=\"--ratio: 768 \/ 432\" sizes=\"(max-width: 768px) 100vw, 768px\" alt=\"\" title=\"Altes_Pfarrhaus_Rueckseite_2018\" width=\"768\" height=\"432\"  \/><\/a>\t<\/div>\n<\/div>\n\n\n<div class=\"post-entry-content\">\n\n\t<h3 class=\"entry-title\">\n\t\t<a href=\"https:\/\/glockenverein-neuenkirchen.de\/sv\/20-jubilaeum-des-glockenvereins-am-26-und-27-april-2025\/\" title=\"20. Jubil\u00e4um des Glockenvereins am 26. und 27. April 2025\" rel=\"bookmark\">20. Jubil\u00e4um des Glockenvereins am 26. und 27. April 2025<\/a>\n\t<\/h3>\n\n\t\n\t<div class=\"entry-excerpt\"><p>Am letzten Aprilwochenende 2025 erwartet Sie anl\u00e4sslich des 20-j\u00e4hrigen Jubil\u00e4ums des Glockenvereins eine Reihe von Veranstaltungen.<\/p>\n<\/div>\n\t\n<a href=\"https:\/\/glockenverein-neuenkirchen.de\/sv\/20-jubilaeum-des-glockenvereins-am-26-und-27-april-2025\/\" class=\"dt-btn-s dt-btn post-details details-type-btn\" aria-label=\"Knappen \u201dLadda mer\u201d 20. Jubil\u00e4um des Glockenvereins am 26. und 27. April 2025\">mer<i class=\"dt-icon-the7-arrow-03\" aria-hidden=\"true\"><\/i><\/a>\n\n<\/div><\/article><article class=\"post post-2330 type-post status-publish format-standard has-post-thumbnail hentry category-pfarrhaus category-veranstaltungen tag-offenes-denkmal category-15 category-7\" data-name=\"Tag des offenen Denkmals am 8. September 2024\" data-date=\"2024-08-29T19:33:23+00:00\">\n\n<div class=\"post-thumbnail-wrap\">\n\t<div class=\"post-thumbnail\">\n\t\t\n\t\t\n\t\t<a href=\"https:\/\/glockenverein-neuenkirchen.de\/sv\/tag-des-offenen-denkmals-am-8-september-2024\/\" class=\"post-thumbnail-rollover layzr-bg\" ><img decoding=\"async\" class=\"preload-me owl-lazy-load aspect\" src=\"data:image\/svg+xml,%3Csvg%20xmlns%3D&#39;http%3A%2F%2Fwww.w3.org%2F2000%2Fsvg&#39;%20viewBox%3D&#39;0%200%20768%20432&#39;%2F%3E\" data-src=\"https:\/\/glockenverein-neuenkirchen.de\/wp-content\/uploads\/2024\/08\/tdod-2024-768x432.jpg\" data-srcset=\"https:\/\/glockenverein-neuenkirchen.de\/wp-content\/uploads\/2024\/08\/tdod-2024-768x432.jpg 768w, https:\/\/glockenverein-neuenkirchen.de\/wp-content\/uploads\/2024\/08\/tdod-2024-1066x600.jpg 1066w\" loading=\"eager\" style=\"--ratio: 768 \/ 432\" sizes=\"(max-width: 768px) 100vw, 768px\" alt=\"\" title=\"Tag des offenen Denkmals 2024\" width=\"768\" height=\"432\"  \/><\/a>\t<\/div>\n<\/div>\n\n\n<div class=\"post-entry-content\">\n\n\t<h3 class=\"entry-title\">\n\t\t<a href=\"https:\/\/glockenverein-neuenkirchen.de\/sv\/tag-des-offenen-denkmals-am-8-september-2024\/\" title=\"Tag des offenen Denkmals am 8. September 2024\" rel=\"bookmark\">Tag des offenen Denkmals am 8. September 2024<\/a>\n\t<\/h3>\n\n\t\n\t<div class=\"entry-excerpt\"><p>\u201eWahr-Zeichen. Zeugen der Geschichte.\u201c So lautet das Motto des diesj\u00e4hrigen Tages des offenen Denkmals. In diesem Jahr werden am 8.&hellip;<\/p>\n<\/div>\n\t\n<a href=\"https:\/\/glockenverein-neuenkirchen.de\/sv\/tag-des-offenen-denkmals-am-8-september-2024\/\" class=\"dt-btn-s dt-btn post-details details-type-btn\" aria-label=\"Knappen \u201dLadda mer\u201d Tag des offenen Denkmals am 8. September 2024\">mer<i class=\"dt-icon-the7-arrow-03\" aria-hidden=\"true\"><\/i><\/a>\n\n<\/div><\/article><article class=\"post post-2285 type-post status-publish format-standard has-post-thumbnail hentry category-pfarrhaus category-unterstuetzung category-15 category-14\" data-name=\"Aktuelles zum Stand des Projektes \u201eSanierung des Ensembles alten Pfarrhauses\u201c\" data-date=\"2024-08-21T20:17:28+00:00\">\n\n<div class=\"post-thumbnail-wrap\">\n\t<div class=\"post-thumbnail\">\n\t\t\n\t\t\n\t\t<a href=\"https:\/\/glockenverein-neuenkirchen.de\/sv\/aktuelles-zum-stand-des-projektes-sanierung-des-ensembles-alten-pfarrhauses\/\" class=\"post-thumbnail-rollover layzr-bg\" ><img decoding=\"async\" class=\"preload-me owl-lazy-load aspect\" src=\"data:image\/svg+xml,%3Csvg%20xmlns%3D&#39;http%3A%2F%2Fwww.w3.org%2F2000%2Fsvg&#39;%20viewBox%3D&#39;0%200%20768%20432&#39;%2F%3E\" data-src=\"https:\/\/glockenverein-neuenkirchen.de\/wp-content\/uploads\/2017\/03\/Pfarrhaus-glockenverein-neuenkirchen-greifswald-06-768x432.jpg\" data-srcset=\"https:\/\/glockenverein-neuenkirchen.de\/wp-content\/uploads\/2017\/03\/Pfarrhaus-glockenverein-neuenkirchen-greifswald-06-768x432.jpg 768w, https:\/\/glockenverein-neuenkirchen.de\/wp-content\/uploads\/2017\/03\/Pfarrhaus-glockenverein-neuenkirchen-greifswald-06-1152x648.jpg 1152w\" loading=\"eager\" style=\"--ratio: 768 \/ 432\" sizes=\"(max-width: 768px) 100vw, 768px\" alt=\"Pfarrhaus-glockenverein-neuenkirchen-greifswald-06\" title=\"Pfarrhaus-glockenverein-neuenkirchen-greifswald-06\" width=\"768\" height=\"432\"  \/><\/a>\t<\/div>\n<\/div>\n\n\n<div class=\"post-entry-content\">\n\n\t<h3 class=\"entry-title\">\n\t\t<a href=\"https:\/\/glockenverein-neuenkirchen.de\/sv\/aktuelles-zum-stand-des-projektes-sanierung-des-ensembles-alten-pfarrhauses\/\" title=\"Aktuelles zum Stand des Projektes \u201eSanierung des Ensembles alten Pfarrhauses\u201c\" rel=\"bookmark\">Aktuelles zum Stand des Projektes \u201eSanierung des Ensembles alten Pfarrhauses\u201c<\/a>\n\t<\/h3>\n\n\t\n\t<div class=\"entry-excerpt\"><p>Seit den ersten \u00dcberlegungen zur Sanierung des Ensembles Altes Pfarrhaus in den Jahren 2014\/2015 ist viel Zeit vergangen und ein&hellip;<\/p>\n<\/div>\n\t\n<a href=\"https:\/\/glockenverein-neuenkirchen.de\/sv\/aktuelles-zum-stand-des-projektes-sanierung-des-ensembles-alten-pfarrhauses\/\" class=\"dt-btn-s dt-btn post-details details-type-btn\" aria-label=\"Knappen \u201dLadda mer\u201d Aktuelles zum Stand des Projektes \u201eSanierung des Ensembles alten Pfarrhauses\u201c\">mer<i class=\"dt-icon-the7-arrow-03\" aria-hidden=\"true\"><\/i><\/a>\n\n<\/div><\/article><article class=\"post post-2277 type-post status-publish format-standard has-post-thumbnail hentry category-veranstaltungen category-verein category-7 category-16\" data-name=\"Jahreshauptversammlung am 28. Mai 2018\" data-date=\"2024-06-15T20:14:15+00:00\">\n\n<div class=\"post-thumbnail-wrap\">\n\t<div class=\"post-thumbnail\">\n\t\t\n\t\t\n\t\t<a href=\"https:\/\/glockenverein-neuenkirchen.de\/sv\/jahreshauptversammlung-am-15-juli-2024\/\" class=\"post-thumbnail-rollover layzr-bg\" ><img decoding=\"async\" class=\"preload-me owl-lazy-load aspect\" src=\"data:image\/svg+xml,%3Csvg%20xmlns%3D&#39;http%3A%2F%2Fwww.w3.org%2F2000%2Fsvg&#39;%20viewBox%3D&#39;0%200%20768%20432&#39;%2F%3E\" data-src=\"https:\/\/glockenverein-neuenkirchen.de\/wp-content\/uploads\/2018\/05\/Glockenverein-768x432.jpg\" data-srcset=\"https:\/\/glockenverein-neuenkirchen.de\/wp-content\/uploads\/2018\/05\/Glockenverein-768x432.jpg 768w, https:\/\/glockenverein-neuenkirchen.de\/wp-content\/uploads\/2018\/05\/Glockenverein-1152x648.jpg 1152w\" loading=\"eager\" style=\"--ratio: 768 \/ 432\" sizes=\"(max-width: 768px) 100vw, 768px\" alt=\"\" title=\"Glockenverein\" width=\"768\" height=\"432\"  \/><\/a>\t<\/div>\n<\/div>\n\n\n<div class=\"post-entry-content\">\n\n\t<h3 class=\"entry-title\">\n\t\t<a href=\"https:\/\/glockenverein-neuenkirchen.de\/sv\/jahreshauptversammlung-am-15-juli-2024\/\" title=\"Jahreshauptversammlung am 28. Mai 2018\" rel=\"bookmark\">Jahreshauptversammlung am 28. Mai 2018<\/a>\n\t<\/h3>\n\n\t\n\t<div class=\"entry-excerpt\"><p>Der Vorstand des Glockenvereins Neuenkirchen e.V. l\u00e4dt herzlich zur Jahreshauptversammlung,\u00a0am Montag, dem 28. Mai 2018 um 19:00 Uhr, im Pfarrhaus,&hellip;<\/p>\n<\/div>\n\t\n<a href=\"https:\/\/glockenverein-neuenkirchen.de\/sv\/jahreshauptversammlung-am-15-juli-2024\/\" class=\"dt-btn-s dt-btn post-details details-type-btn\" aria-label=\"Knappen \u201dLadda mer\u201d Jahreshauptversammlung am 28. Mai 2018\">mer<i class=\"dt-icon-the7-arrow-03\" aria-hidden=\"true\"><\/i><\/a>\n\n<\/div><\/article><\/div>[\/vc_column][\/vc_row][vc_row full_width=&#8221;stretch_row&#8221; margin_bottom=&#8221;-30px&#8221; full_width_row=&#8221;true&#8221; bg_type=&#8221;image&#8221; parallax_style=&#8221;vcpb-default&#8221; bg_image_new=&#8221;id^333|url^http:\/\/https:\/\/glockenverein-neuenkirchen.de\/wp-content\/uploads\/2017\/10\/kirche_miniatur.jpg|caption^null|alt^null|title^kirche_miniatur|description^null&#8221; bg_image_repeat=&#8221;no-repeat&#8221; bg_img_attach=&#8221;fixed&#8221;][vc_column]<div id=\"ultib3-268283432469ee18e0a4717\" class=\" ultb3-box ult-adjust-bottom-margin donthyphenate \" style=\"background-color: rgba(0,0,0,0.01);\"><div id=\"Info-banner-wrap1593\" class=\"ultb3-info ib3-info-center\" data-animation=\"\" data-animation-delay=\"03\"><div class=\"ultb3-title ult-responsive\"  data-ultimate-target='#Info-banner-wrap1593 .ultb3-title'  data-responsive-json-new='{\"font-size\":\"\",\"line-height\":\"\"}'  style=\"font-family:Faustina;font-weight:normal;color:#ffffff;\">St\u00f6d v\u00e5rt arbete!<\/div><div class=\"ultb3-desc ult-responsive\"  data-ultimate-target='#Info-banner-wrap1593 .ultb3-desc'  data-responsive-json-new='{\"font-size\":\"\",\"line-height\":\"\"}'  style=\"font-family:Open Sans;font-weight:normal;color:#ffffff;\">V\u00e5rt konto p\u00e5<br \/>\nVolksbank Vorpommern eG<br \/>\nIBAN: DE06 1309 1054 0004 8325 31<br \/>\nBIC: GENODEF1HST<\/div><a href=\"http:\/\/glockenverein-neuenkirchen.de\/unterstuetzen\/\"  class=\"ultb3-btn ult-responsive\"  data-ultimate-target='#Info-banner-wrap1593 .ultb3-btn'  data-responsive-json-new='{\"font-size\":\"\",\"line-height\":\"\"}'  style=\"font-weight:normal;\">Alla bidrag \u00e4r v\u00e4lkomna.<i class=\"Defaults-angle-right\"><\/i><\/a><\/div><\/div><style>\n\t\t\t\t\t#ultib3-268283432469ee18e0a4717 {\n\t\t\t\t\t\tmin-height:50px;\n\t\t\t\t\t}\n\t\t\t\t\t#ultib3-268283432469ee18e0a4717 img.ultb3-img {\n\t\t\t\t\t\theight: px;\n\t\t\t\t\t}\n\t\t\t\t\t#ultib3-268283432469ee18e0a4717 .ultb3-btn {\n\t\t\t\t\t\tborder:2px solid #d44348;border-radius:50px;color:#ffffff;\n\t\t\t\t\t}\n\t\t\t\t\t#ultib3-268283432469ee18e0a4717 .ultb3-btn:hover {\n\t\t\t\t\t\tbackground:#d44348;color:#ffffff;\n\t\t\t\t\t}\n\t\t\t\t\t#ultib3-268283432469ee18e0a4717 .ultb3-btn:focus {\n\t\t\t\t\t\toutline: 2px solid #005fcc;\n\t\t\t\t\t\toutline-offset: 2px;\n\t\t\t\t\t}\n\t\t\t\t<\/style>[\/vc_column][\/vc_row]<\/p><\/div>","protected":false},"excerpt":{"rendered":"<p>[vc_row type=&#8221;vc_default&#8221; full_width=&#8221;stretch_row&#8221; full_height=&#8221;yes&#8221; bg_type=&#8221;image&#8221; parallax_style=&#8221;vcpb-default&#8221; bg_image_new=&#8221;id^537|url^http:\/\/https:\/\/glockenverein-neuenkirchen.de\/wp-content\/uploads\/2017\/10\/Dorfkern_Miniatur2.jpg|caption^null|alt^null|title^Dorfkern_Miniatur2|description^null&#8221; bg_image_repeat=&#8221;no-repeat&#8221; bg_img_attach=&#8221;fixed&#8221;][vc_column][\/vc_column][\/vc_row][vc_row][vc_column width=&#8221;1\/2&#8243;][vc_column_text] Vad g\u00f6r en klockf\u00f6rening? V\u00e5r f\u00f6rening grundades \u00e5r 2005 f\u00f6r att hj\u00e4lpa f\u00f6rsamligen att inf\u00f6rskaffa nya klockor. Nu n\u00e4r detta uppdrag slutf\u00f6rts engagerar sig f\u00f6reningen i att underh\u00e5lla pr\u00e4stg\u00e5rden med omliggande sidobyggnader och h\u00e5lla minnet av viktiga personer knutna till f\u00f6rsamlingen vid liv. Vi vill&hellip;<\/p>\n","protected":false},"author":1,"featured_media":401,"parent":0,"menu_order":1,"comment_status":"closed","ping_status":"closed","template":"","meta":{"footnotes":""},"class_list":["post-763","page","type-page","status-publish","has-post-thumbnail","hentry","description-off"],"_links":{"self":[{"href":"https:\/\/glockenverein-neuenkirchen.de\/sv\/wp-json\/wp\/v2\/pages\/763","targetHints":{"allow":["GET"]}}],"collection":[{"href":"https:\/\/glockenverein-neuenkirchen.de\/sv\/wp-json\/wp\/v2\/pages"}],"about":[{"href":"https:\/\/glockenverein-neuenkirchen.de\/sv\/wp-json\/wp\/v2\/types\/page"}],"author":[{"embeddable":true,"href":"https:\/\/glockenverein-neuenkirchen.de\/sv\/wp-json\/wp\/v2\/users\/1"}],"replies":[{"embeddable":true,"href":"https:\/\/glockenverein-neuenkirchen.de\/sv\/wp-json\/wp\/v2\/comments?post=763"}],"version-history":[{"count":0,"href":"https:\/\/glockenverein-neuenkirchen.de\/sv\/wp-json\/wp\/v2\/pages\/763\/revisions"}],"wp:featuredmedia":[{"embeddable":true,"href":"https:\/\/glockenverein-neuenkirchen.de\/sv\/wp-json\/wp\/v2\/media\/401"}],"wp:attachment":[{"href":"https:\/\/glockenverein-neuenkirchen.de\/sv\/wp-json\/wp\/v2\/media?parent=763"}],"curies":[{"name":"wp","href":"https:\/\/api.w.org\/{rel}","templated":true}]}}